{"id":9957,"date":"2022-06-30T09:13:38","date_gmt":"2022-06-30T09:13:38","guid":{"rendered":"https:\/\/espaceval.ch\/via-ferrata-tichodrome\/"},"modified":"2024-06-13T13:07:48","modified_gmt":"2024-06-13T13:07:48","slug":"via-ferrata-tichodrome","status":"publish","type":"page","link":"https:\/\/espaceval.ch\/de\/via-ferrata-tichodrome\/","title":{"rendered":"Via Ferrata Tichodrome-de"},"content":{"rendered":"<p>[et_pb_section fb_built=&#8220;1&#8243; _builder_version=&#8220;4.17.4&#8243; use_background_color_gradient=&#8220;on&#8220; background_color_gradient_direction=&#8220;90deg&#8220; background_color_gradient_stops=&#8220;rgba(0,0,0,0.75) 0%|rgba(255,255,255,0) 100%&#8220; background_color_gradient_overlays_image=&#8220;on&#8220; background_color_gradient_start=&#8220;rgba(0,0,0,0.75)&#8220; background_color_gradient_end=&#8220;rgba(255,255,255,0)&#8220; background_image=&#8220;https:\/\/espaceval.ch\/wp-content\/uploads\/2022\/07\/Via-ferrata-banniere.jpg&#8220; custom_padding=&#8220;150px||150px||false|false&#8220; global_colors_info=&#8220;{}&#8220;][et_pb_row _builder_version=&#8220;4.16&#8243; global_colors_info=&#8220;{}&#8220;][et_pb_column type=&#8220;4_4&#8243; _builder_version=&#8220;4.16&#8243; global_colors_info=&#8220;{}&#8220;][et_pb_text _builder_version=&#8220;4.16&#8243; header_2_font=&#8220;Montserrat|300|||||||&#8220; header_2_text_align=&#8220;left&#8220; header_2_text_color=&#8220;#ffffff&#8220; header_2_font_size=&#8220;58px&#8220; header_2_line_height=&#8220;1.2em&#8220; custom_margin=&#8220;||15px||false|false&#8220; header_2_font_size_tablet=&#8220;&#8220; header_2_font_size_phone=&#8220;40px&#8220; header_2_font_size_last_edited=&#8220;on|phone&#8220; global_colors_info=&#8220;{}&#8220;]<\/p>\n<h2>Via ferrata Tichodrome<\/h2>\n<p>[\/et_pb_text][\/et_pb_column][\/et_pb_row][\/et_pb_section][et_pb_section fb_built=&#8220;1&#8243; _builder_version=&#8220;4.16&#8243; custom_margin=&#8220;||0px||false|false&#8220; custom_padding=&#8220;0px|0px|0px|0px|false|false&#8220; collapsed=&#8220;off&#8220; global_colors_info=&#8220;{}&#8220;][et_pb_row column_structure=&#8220;1_2,1_2&#8243; use_custom_gutter=&#8220;on&#8220; gutter_width=&#8220;1&#8243; make_equal=&#8220;on&#8220; custom_padding_last_edited=&#8220;on|phone&#8220; _builder_version=&#8220;4.16&#8243; width=&#8220;100%&#8220; max_width=&#8220;100%&#8220; min_height=&#8220;567px&#8220; custom_margin=&#8220;45px|auto|0px|auto|false|false&#8220; custom_margin_phone=&#8220;||||false|false&#8220; custom_margin_last_edited=&#8220;off|phone&#8220; custom_padding=&#8220;0px||40px||false|false&#8220; custom_padding_tablet=&#8220;&#8220; custom_padding_phone=&#8220;||0px||false|false&#8220; global_colors_info=&#8220;{}&#8220;][et_pb_column type=&#8220;1_2&#8243; _builder_version=&#8220;4.16&#8243; background_enable_image=&#8220;off&#8220; custom_padding=&#8220;||||false|false&#8220; global_colors_info=&#8220;{}&#8220;][et_pb_image src=&#8220;https:\/\/espaceval.ch\/wp-content\/uploads\/2022\/07\/DSCN2948-scaled.jpg&#8220; alt=&#8220;Sport en salle&#8220; title_text=&#8220;DSCN2948&#8243; _builder_version=&#8220;4.17.4&#8243; custom_padding=&#8220;0px|||2px||&#8220; global_colors_info=&#8220;{}&#8220;][\/et_pb_image][\/et_pb_column][et_pb_column type=&#8220;1_2&#8243; _builder_version=&#8220;4.16&#8243; custom_padding=&#8220;80px|10%||80px|false|false&#8220; custom_padding_tablet=&#8220;&#8220; custom_padding_phone=&#8220;80px|10%|0px|80px|false|false&#8220; custom_padding_last_edited=&#8220;on|phone&#8220; global_colors_info=&#8220;{}&#8220;][et_pb_text _builder_version=&#8220;4.21.2&#8243; header_2_font=&#8220;Montserrat|300|||||||&#8220; header_2_text_align=&#8220;left&#8220; header_2_font_size=&#8220;60px&#8220; header_3_font=&#8220;|300|||||||&#8220; header_3_font_size=&#8220;30px&#8220; header_3_line_height=&#8220;1.2em&#8220; custom_margin=&#8220;||15px||false|false&#8220; animation_direction=&#8220;left&#8220; global_colors_info=&#8220;{}&#8220;]<\/p>\n<h3>Der einzige Klettersteig im Kanton Neuenburg!<\/h3>\n<p>[\/et_pb_text][et_pb_divider _builder_version=&#8220;4.16&#8243; width=&#8220;80px&#8220; module_alignment=&#8220;left&#8220; custom_margin=&#8220;||||false|false&#8220; custom_padding=&#8220;||||false|false&#8220; global_colors_info=&#8220;{}&#8220;][\/et_pb_divider][et_pb_text _builder_version=&#8220;4.16&#8243; text_font=&#8220;|300|||||||&#8220; header_4_text_color=&#8220;#23a6af&#8220; custom_margin=&#8220;||50px||false|false&#8220; global_colors_info=&#8220;{}&#8220;]<\/p>\n<p>Ausgestatteter und absolut sicherer Klettersteig nach franz\u00f6sischsprachigen Vorbildern. Faszinierende Aussicht und Perspektive auf die gro\u00dfe Felsbank mit Blick auf das Val-de-Travers. Die Strecke ist 550 Meter lang und verl\u00e4uft gr\u00f6\u00dftenteils auf nat\u00fcrlichen Felsvorspr\u00fcngen, wobei das Sicherungsseil die meiste Zeit als Handlauf dient.<\/p>\n<p><strong>Der Standort ist vom 1. Januar bis 30. Juni geschlossen (Nisten des Tichodroms, namensgebender Vogel des Ortes).<\/strong><\/p>\n<p>Weitere Informationen: https:\/\/www.sac-cas.ch\/fr\/cabanes-et-courses\/portail-des-courses-du-cas\/la-clusette-7441\/via-ferrata\/via-ferrata-du -tichodrome -979\/\u00a0<\/p>\n<p>&nbsp;<\/p>\n<p>Entdecken Sie Val-de-Travers aus einem anderen Blickwinkel. Sch\u00f6ne Gef\u00fchle der Leere.<\/p>\n<p>Es ist j\u00e4hrlich vom 1. Januar bis 1. Juli geschlossen, damit der Wanderfalke, der Turmfalke und das Echelette-Tichodrome in Ruhe nisten k\u00f6nnen.<\/p>\n<p>Warum der Name Tichodrome?<\/p>\n<p>So hei\u00dfen die V\u00f6gel, die in den Klippen nisten.<\/p>\n<p>[\/et_pb_text][et_pb_button button_url=&#8220;https:\/\/espaceval.ch\/wp-content\/uploads\/2023\/10\/MiniGuide_Via_Tichodrome_DE_2023.pdf&#8220; url_new_window=&#8220;on&#8220; button_text=&#8220;Mini Guide DE&#8220; button_alignment=&#8220;center&#8220; _builder_version=&#8220;4.21.2&#8243; _module_preset=&#8220;default&#8220; custom_button=&#8220;on&#8220; button_text_size=&#8220;16px&#8220; button_text_color=&#8220;#ffffff&#8220; button_bg_color=&#8220;#0084a3&#8243; button_border_width=&#8220;10px&#8220; button_border_color=&#8220;#0084a3&#8243; button_border_radius=&#8220;0px&#8220; button_font=&#8220;|300||on|||||&#8220; button_use_icon=&#8220;off&#8220; custom_margin=&#8220;||19px|||&#8220; global_colors_info=&#8220;{}&#8220; button_bg_color__hover=&#8220;#063e4d&#8220; button_bg_color__hover_enabled=&#8220;on|hover&#8220; button_border_color__hover=&#8220;#063e4d&#8220; button_border_color__hover_enabled=&#8220;on|hover&#8220;][\/et_pb_button][\/et_pb_column][\/et_pb_row][et_pb_row column_structure=&#8220;1_3,1_3,1_3&#8243; use_custom_gutter=&#8220;on&#8220; gutter_width=&#8220;1&#8243; make_equal=&#8220;on&#8220; _builder_version=&#8220;4.16&#8243; width=&#8220;100%&#8220; max_width=&#8220;100%&#8220; custom_margin=&#8220;0px||0px||false|false&#8220; custom_padding=&#8220;0px||0px||false|false&#8220; global_colors_info=&#8220;{}&#8220;][et_pb_column type=&#8220;1_3&#8243; _builder_version=&#8220;4.16&#8243; custom_padding=&#8220;|10%||80px|false|false&#8220; global_colors_info=&#8220;{}&#8220;][et_pb_text _builder_version=&#8220;4.21.2&#8243; text_font=&#8220;|300|||||||&#8220; header_4_text_color=&#8220;#0084a3&#8243; custom_margin=&#8220;||50px||false|false&#8220; global_colors_info=&#8220;{}&#8220;]<\/p>\n<h4>Der Weg<\/h4>\n<p>Wir \u00fcberqueren den felsigen Absprung des Aufstiegs, vorbei an nat\u00fcrlichen Felsvorspr\u00fcngen; dort wechseln sich leichte Passagen mit luftigen Passagen ab; Zu letzteren z\u00e4hlen insbesondere Stellen, an denen das Kabel nicht vollst\u00e4ndig gedehnt ist und der Hohlraum \u00fcbersehen wird. Der \u201e\u00dcberhang des Nid\u201c bietet dann jede Menge Gas unter den F\u00fc\u00dfen.<\/p>\n<p>Vor dem Aussichtspunkt (1119 m) zweigt die Route ab, ein kurzer Abstecher lohnt sich aber unbedingt.<\/p>\n<p><span><\/span><\/p>\n<p><span><\/span><\/p>\n<p>[\/et_pb_text][et_pb_text _builder_version=&#8220;4.16&#8243; text_font=&#8220;|300|||||||&#8220; header_4_text_color=&#8220;#0084a3&#8243; custom_margin=&#8220;||50px||false|false&#8220; global_colors_info=&#8220;{}&#8220;]<\/p>\n<h4 style=\"text-align: justify;\">Abstieg<\/h4>\n<p style=\"text-align: justify;\">Entweder links dem Grat entlang auf dem Jura-H\u00f6henweg Richtung Start (und zur\u00fcck zum Bahnhof) oder \u00fcber den bewaldeten Grat, der den Parkplatz des Restaurants dominiert.<\/p>\n<p>[\/et_pb_text][\/et_pb_column][et_pb_column type=&#8220;1_3&#8243; _builder_version=&#8220;4.16&#8243; custom_padding=&#8220;|10%||80px|false|false&#8220; global_colors_info=&#8220;{}&#8220;][et_pb_text disabled_on=&#8220;off|off|off&#8220; _builder_version=&#8220;4.24.0&#8243; text_font=&#8220;|300|||||||&#8220; header_4_text_color=&#8220;#0084a3&#8243; custom_margin=&#8220;||50px||false|false&#8220; global_colors_info=&#8220;{}&#8220;]<\/p>\n<h4>Sicherheit<\/h4>\n<p>Erg\u00e4nzend zu den Informationen im Flyer unter der \u00dcberschrift \u201ePflichtausr\u00fcstung und Verpflichtung\u201c m\u00f6chten wir Sie auf folgende Punkte aufmerksam machen:<\/p>\n<ul>\n<li>Ein Klettersteig ist kein einfacher Spaziergang. Sie sollten keine H\u00f6henangst haben. Manche Passagen erfordern etwas Mut.<\/li>\n<li>Bitte r\u00fcsten Sie sich mit entsprechendem Schuhwerk (Sport- oder Wanderschuhe) aus.<\/li>\n<li>Wir empfehlen Ihnen, Handschuhe (z. B. Gartenhandschuhe) zu tragen, da das Sicherheitskabel aus Stahl besteht.<\/li>\n<li>Es ist niemand da, der Ihnen hilft oder Sie begleitet.<\/li>\n<li>Aus Haftungsgr\u00fcnden geben Ihnen unsere Kollegen vor Ort keine Sicherheitshinweise zur Ausr\u00fcstung oder Sicherung.<\/li>\n<li><strong>espaceVAL lehnt jede Haftung im Falle eines Unfalls oder einer Sicherheitsverletzung ab.<\/strong><\/li>\n<li><strong>espaceVAL ist nicht f\u00fcr den Klettersteig verantwortlich. Wir k\u00fcmmern uns lediglich um die Bereitstellung der Ausr\u00fcstung.<\/strong><\/li>\n<\/ul>\n<p>[\/et_pb_text][\/et_pb_column][et_pb_column type=&#8220;1_3&#8243; _builder_version=&#8220;4.16&#8243; custom_padding=&#8220;|10%||80px|false|false&#8220; global_colors_info=&#8220;{}&#8220;][et_pb_text _builder_version=&#8220;4.17.4&#8243; text_font=&#8220;|300|||||||&#8220; custom_margin=&#8220;||50px||false|false&#8220; global_colors_info=&#8220;{}&#8220;]<\/p>\n<h4 style=\"text-align: justify;\"><span style=\"color: #0084a3;\">Technik<\/span><\/h4>\n<p>An- und R\u00fcckweg: 10 Minuten von Haut de la C\u00f4te, Restaurant \u201eLes oeufs\u00a0frais\u201c.<br \/>Dauer: Gesamtplan 2\u00be Stunden. Zustieg \u00be Stunde, Klettersteig 1 Stunde, Abstieg 1 Stunde<br \/>Alter: ab 10 Jahren<br \/>Kabell\u00e4nge: 550 Meter, kein Entrinnen m\u00f6glich<br \/>H\u00f6henunterschied: 150 m<br \/>Starth\u00f6he: 950 m<br \/>Ankunftsh\u00f6he: 1150m<br \/>Physik: 1\/4<br \/>Gas: 2\/4<br \/>Typ: Ebene, Kontakt mit Fels<br \/>Technik: 1\/4<br \/>Bewertung: Mittlerer Schwierigkeitsgrad<br \/>Obligatorische Ausr\u00fcstung: Berghelm, Klettergurt und Klettersteigband (Tasche inklusive allem kann bei EspaceVAL gemietet werden)<br \/>Kostenlos<\/p>\n<p>[\/et_pb_text][\/et_pb_column][\/et_pb_row][\/et_pb_section][et_pb_section fb_built=&#8220;1&#8243; _builder_version=&#8220;4.17.4&#8243; custom_margin=&#8220;||0px||false|false&#8220; custom_padding=&#8220;0px|0px|0px|0px|false|false&#8220; collapsed=&#8220;off&#8220; global_colors_info=&#8220;{}&#8220;][et_pb_row column_structure=&#8220;1_2,1_2&#8243; use_custom_gutter=&#8220;on&#8220; gutter_width=&#8220;1&#8243; make_equal=&#8220;on&#8220; custom_padding_last_edited=&#8220;on|phone&#8220; _builder_version=&#8220;4.16&#8243; width=&#8220;100%&#8220; max_width=&#8220;100%&#8220; min_height=&#8220;567px&#8220; custom_margin=&#8220;-1px|auto|0px|auto|false|false&#8220; custom_padding=&#8220;0px||24px||false|false&#8220; custom_padding_tablet=&#8220;0px||24px||false|false&#8220; custom_padding_phone=&#8220;||0px||false|false&#8220; global_colors_info=&#8220;{}&#8220;][et_pb_column type=&#8220;1_2&#8243; _builder_version=&#8220;4.16&#8243; custom_padding=&#8220;80px|10%||80px|false|false&#8220; custom_padding_tablet=&#8220;&#8220; custom_padding_phone=&#8220;80px|10%|0px|80px|false|false&#8220; custom_padding_last_edited=&#8220;on|phone&#8220; global_colors_info=&#8220;{}&#8220;][et_pb_text _builder_version=&#8220;4.16&#8243; header_2_font=&#8220;Montserrat|300|||||||&#8220; header_2_text_align=&#8220;left&#8220; header_2_font_size=&#8220;60px&#8220; header_3_font=&#8220;|300|||||||&#8220; header_3_font_size=&#8220;30px&#8220; header_3_line_height=&#8220;1.2em&#8220; custom_margin=&#8220;||15px||false|false&#8220; animation_direction=&#8220;left&#8220; global_colors_info=&#8220;{}&#8220;]<\/p>\n<h3>Taschenverleih<\/h3>\n<p>[\/et_pb_text][et_pb_divider _builder_version=&#8220;4.16&#8243; width=&#8220;80px&#8220; module_alignment=&#8220;left&#8220; custom_margin=&#8220;||||false|false&#8220; custom_padding=&#8220;||||false|false&#8220; global_colors_info=&#8220;{}&#8220;][\/et_pb_divider][et_pb_text _builder_version=&#8220;4.21.2&#8243; text_font=&#8220;|300|||||||&#8220; header_4_text_color=&#8220;#0084a3&#8243; custom_margin=&#8220;||50px||false|false&#8220; global_colors_info=&#8220;{}&#8220;]<\/p>\n<p>T\u00e4glich an der EspaceVAL-Rezeption w\u00e4hrend der \u00d6ffnungszeiten:<\/p>\n<p>Von Montag bis Freitag<\/p>\n<p>8:00 bis 19:00 Uhr<\/p>\n<p>Wochenenden, Feiertage, Sommerschulferien<\/p>\n<p>9:00 bis 17:00 Uhr<\/p>\n<p>Denken Sie daran, anzurufen, um Ihr Gep\u00e4ck zu reservieren: 032 889 69 19<\/p>\n<p>Vom 15. bis 28. Juli m\u00fcssen die Taschen im Schwimmbad Combes in Boveresse von 9:30 bis 19:00 Uhr reserviert und abgeholt werden: 032 863 10 60.<\/p>\n<p>\u00a0<strong>Mietpreise<\/strong><br \/>Erwachsenentasche: 15.-<br \/>Kindertasche: 10.-<\/p>\n<ul><\/ul>\n<p>[\/et_pb_text][\/et_pb_column][et_pb_column type=&#8220;1_2&#8243; _builder_version=&#8220;4.16&#8243; custom_padding=&#8220;80px|10%||80px|false|false&#8220; custom_padding_tablet=&#8220;&#8220; custom_padding_phone=&#8220;0px|10%|0px|80px|false|false&#8220; custom_padding_last_edited=&#8220;on|phone&#8220; global_colors_info=&#8220;{}&#8220;][et_pb_image src=&#8220;https:\/\/espaceval.ch\/wp-content\/uploads\/2022\/07\/P62achoix.jpg&#8220; alt=&#8220;Via ferrata tichodrome Val-de-Travers&#8220; title_text=&#8220;Via ferrata tichodrome Val-de-Travers&#8220; align=&#8220;right&#8220; force_fullwidth=&#8220;on&#8220; admin_label=&#8220;Image&#8220; _builder_version=&#8220;4.21.2&#8243; custom_padding=&#8220;0px|||2px||&#8220; global_colors_info=&#8220;{}&#8220;][\/et_pb_image][\/et_pb_column][\/et_pb_row][\/et_pb_section][et_pb_section fb_built=&#8220;1&#8243; _builder_version=&#8220;4.17.4&#8243; _module_preset=&#8220;default&#8220; global_colors_info=&#8220;{}&#8220;][et_pb_row column_structure=&#8220;1_2,1_2&#8243; use_custom_gutter=&#8220;on&#8220; gutter_width=&#8220;1&#8243; make_equal=&#8220;on&#8220; custom_padding_last_edited=&#8220;on|phone&#8220; _builder_version=&#8220;4.17.4&#8243; _module_preset=&#8220;default&#8220; width=&#8220;100%&#8220; max_width=&#8220;100%&#8220; min_height=&#8220;567px&#8220; custom_margin=&#8220;-1px|auto|0px|auto|false|false&#8220; custom_padding=&#8220;0px||0px||false|false&#8220; custom_padding_tablet=&#8220;0px||0px||false|false&#8220; custom_padding_phone=&#8220;||0px||false|false&#8220; global_colors_info=&#8220;{}&#8220;][et_pb_column type=&#8220;1_2&#8243; _builder_version=&#8220;4.17.4&#8243; _module_preset=&#8220;default&#8220; global_colors_info=&#8220;{}&#8220;][et_pb_text _builder_version=&#8220;4.21.2&#8243; _module_preset=&#8220;default&#8220; global_colors_info=&#8220;{}&#8220;]<iframe src=\"https:\/\/www.google.com\/maps\/embed?pb=!1m18!1m12!1m3!1d2722.892136662475!2d6.731585828532616!3d46.96380924955896!2m3!1f0!2f0!3f0!3m2!1i1024!2i768!4f13.1!3m3!1m2!1s0x478de72b5f19dc69%3A0x431cc3d6c75ed8af!2sParking%20via!5e0!3m2!1sfr!2sch!4v1697004755803!5m2!1sfr!2sch\" width=\"950\" height=\"450\" style=\"border: 0;\" allowfullscreen=\"\" loading=\"lazy\" referrerpolicy=\"no-referrer-when-downgrade\"><\/iframe>[\/et_pb_text][\/et_pb_column][et_pb_column type=&#8220;1_2&#8243; _builder_version=&#8220;4.17.4&#8243; _module_preset=&#8220;default&#8220; global_colors_info=&#8220;{}&#8220;][et_pb_text _builder_version=&#8220;4.16&#8243; header_2_font=&#8220;Montserrat|300|||||||&#8220; header_2_text_align=&#8220;left&#8220; header_2_font_size=&#8220;60px&#8220; header_3_font=&#8220;|300|||||||&#8220; header_3_font_size=&#8220;30px&#8220; header_3_line_height=&#8220;1.2em&#8220; custom_margin=&#8220;||15px||false|false&#8220; custom_padding=&#8220;|||15px||&#8220; animation_direction=&#8220;left&#8220; global_colors_info=&#8220;{}&#8220;]<\/p>\n<h3>Zugang &#8211; ACHTUNG<\/h3>\n<p>[\/et_pb_text][et_pb_divider _builder_version=&#8220;4.16&#8243; width=&#8220;80px&#8220; module_alignment=&#8220;left&#8220; custom_margin=&#8220;||||false|false&#8220; custom_padding=&#8220;||||false|false&#8220; global_colors_info=&#8220;{}&#8220;][\/et_pb_divider][et_pb_text disabled_on=&#8220;off|off|off&#8220; _builder_version=&#8220;4.20.4&#8243; text_font=&#8220;|300|||||||&#8220; custom_margin=&#8220;||50px||false|false&#8220; custom_padding=&#8220;|||17px||&#8220; global_colors_info=&#8220;{}&#8220;]<\/p>\n<div class=\"\" data-block=\"true\" data-editor=\"ahp93\" data-offset-key=\"6r4d6-0-0\">\n<div data-offset-key=\"6r4d6-0-0\" class=\"_1mf _1mj\">\n<p>Im Rahmen der Arbeiten zum Schutz des Dorfes Noiraigue vor Steinschlag m\u00f6chten wir Sie dar\u00fcber informieren, dass der Chaille-Platz im Wald am Anfang des Via Ferrata, der normalerweise als zus\u00e4tzlicher Parkplatz dient, dem rechten Ufer gewidmet wird. au\u00dferhalb der Baustelle liegen und nicht mehr zum Parken zug\u00e4nglich sein.<\/p>\n<p>Um das Gel\u00e4nde herum wird nur ein Fu\u00dfg\u00e4ngerweg \u00fcbrig bleiben, um die Route zu erreichen.<\/p>\n<p>Wir erinnern Sie daran, dass der offizielle Parkplatz des Klettersteigs der des Restaurants Haut-de-la-C\u00f4te (bekannt als \u201eLes \u0152ufs frais\u201c) ist, das 650 Meter vom Start entfernt liegt.<\/p>\n<\/div>\n<\/div>\n<div class=\"\" data-block=\"true\" data-editor=\"ahp93\" data-offset-key=\"d9gq4-0-0\"><\/div>\n<p>[\/et_pb_text][et_pb_text disabled_on=&#8220;on|on|on&#8220; _builder_version=&#8220;4.20.4&#8243; text_font=&#8220;|300|||||||&#8220; custom_margin=&#8220;||50px||false|false&#8220; disabled=&#8220;on&#8220; global_colors_info=&#8220;{}&#8220;]<\/p>\n<p>De Neuch\u00e2tel suivre la direction du Val-de-Travers, Peseux, Rochefort, Noiraigue, \u00e0 la sortie du tunnel de la Clusette, monte en direction des Ponts-de-Martel et tu y es. Parking du Haut de la C\u00f4te.<br \/>De la Chaux-de-Fonds, suis la direction Val-de-Travers, la Sagne, Brot-Dessus. Parking du Haut de la C\u00f4te.<\/p>\n<p>[\/et_pb_text][\/et_pb_column][\/et_pb_row][\/et_pb_section]<\/p>\n","protected":false},"excerpt":{"rendered":"<p>La via ferrata du Tichodrome est am\u00e9nag\u00e9e et parfaitement s\u00e9curis\u00e9e. Vue et perspective sur la large barre rocheuse surplombant le Val de Travers.<\/p>\n","protected":false},"author":3,"featured_media":0,"parent":0,"menu_order":0,"comment_status":"closed","ping_status":"closed","template":"","meta":{"_et_pb_use_builder":"on","_et_pb_old_content":"","_et_gb_content_width":"","_monsterinsights_skip_tracking":false,"_monsterinsights_sitenote_active":false,"_monsterinsights_sitenote_note":"","_monsterinsights_sitenote_category":0,"footnotes":""},"class_list":["post-9957","page","type-page","status-publish","hentry"],"yoast_head":"<!-- This site is optimized with the Yoast SEO plugin v25.6 - https:\/\/yoast.com\/wordpress\/plugins\/seo\/ -->\n<title>Via Ferrata Tichodrome-de | espaceVAL | Neuch\u00e2tel | Noiraigue<\/title>\n<meta name=\"description\" content=\"Via ferrata am\u00e9nag\u00e9e et parfaitement s\u00e9curis\u00e9e. Vue et perspective fascinantes sur la large barre rocheuse surplombant le Val de Travers.\" \/>\n<meta name=\"robots\" content=\"index, follow, max-snippet:-1, max-image-preview:large, max-video-preview:-1\" \/>\n<link rel=\"canonical\" href=\"https:\/\/espaceval.ch\/de\/via-ferrata-tichodrome\/\" \/>\n<meta property=\"og:locale\" content=\"de_DE\" \/>\n<meta property=\"og:type\" content=\"article\" \/>\n<meta property=\"og:title\" content=\"Via Ferrata Tichodrome-de | espaceVAL | Neuch\u00e2tel | Noiraigue\" \/>\n<meta property=\"og:description\" content=\"Via ferrata am\u00e9nag\u00e9e et parfaitement s\u00e9curis\u00e9e. Vue et perspective fascinantes sur la large barre rocheuse surplombant le Val de Travers.\" \/>\n<meta property=\"og:url\" content=\"https:\/\/espaceval.ch\/de\/via-ferrata-tichodrome\/\" \/>\n<meta property=\"og:site_name\" content=\"espaceVAL\" \/>\n<meta property=\"article:modified_time\" content=\"2024-06-13T13:07:48+00:00\" \/>\n<meta name=\"twitter:card\" content=\"summary_large_image\" \/>\n<meta name=\"twitter:label1\" content=\"Gesch\u00e4tzte Lesezeit\" \/>\n\t<meta name=\"twitter:data1\" content=\"6\u00a0Minuten\" \/>\n<script type=\"application\/ld+json\" class=\"yoast-schema-graph\">{\"@context\":\"https:\/\/schema.org\",\"@graph\":[{\"@type\":\"WebPage\",\"@id\":\"https:\/\/espaceval.ch\/de\/via-ferrata-tichodrome\/\",\"url\":\"https:\/\/espaceval.ch\/de\/via-ferrata-tichodrome\/\",\"name\":\"Via Ferrata Tichodrome-de | espaceVAL | Neuch\u00e2tel | Noiraigue\",\"isPartOf\":{\"@id\":\"https:\/\/espaceval.ch\/de\/#website\"},\"datePublished\":\"2022-06-30T09:13:38+00:00\",\"dateModified\":\"2024-06-13T13:07:48+00:00\",\"description\":\"Via ferrata am\u00e9nag\u00e9e et parfaitement s\u00e9curis\u00e9e. Vue et perspective fascinantes sur la large barre rocheuse surplombant le Val de Travers.\",\"breadcrumb\":{\"@id\":\"https:\/\/espaceval.ch\/de\/via-ferrata-tichodrome\/#breadcrumb\"},\"inLanguage\":\"de\",\"potentialAction\":[{\"@type\":\"ReadAction\",\"target\":[\"https:\/\/espaceval.ch\/de\/via-ferrata-tichodrome\/\"]}]},{\"@type\":\"BreadcrumbList\",\"@id\":\"https:\/\/espaceval.ch\/de\/via-ferrata-tichodrome\/#breadcrumb\",\"itemListElement\":[{\"@type\":\"ListItem\",\"position\":1,\"name\":\"Accueil\",\"item\":\"https:\/\/espaceval.ch\/de\/\"},{\"@type\":\"ListItem\",\"position\":2,\"name\":\"Via Ferrata Tichodrome-de\"}]},{\"@type\":\"WebSite\",\"@id\":\"https:\/\/espaceval.ch\/de\/#website\",\"url\":\"https:\/\/espaceval.ch\/de\/\",\"name\":\"espaceVAL\",\"description\":\"Vitalit\u00e9 | Activit\u00e9 | Loisirs\",\"potentialAction\":[{\"@type\":\"SearchAction\",\"target\":{\"@type\":\"EntryPoint\",\"urlTemplate\":\"https:\/\/espaceval.ch\/de\/?s={search_term_string}\"},\"query-input\":{\"@type\":\"PropertyValueSpecification\",\"valueRequired\":true,\"valueName\":\"search_term_string\"}}],\"inLanguage\":\"de\"}]}<\/script>\n<!-- \/ Yoast SEO plugin. -->","yoast_head_json":{"title":"Via Ferrata Tichodrome-de | espaceVAL | Neuch\u00e2tel | Noiraigue","description":"Via ferrata am\u00e9nag\u00e9e et parfaitement s\u00e9curis\u00e9e. Vue et perspective fascinantes sur la large barre rocheuse surplombant le Val de Travers.","robots":{"index":"index","follow":"follow","max-snippet":"max-snippet:-1","max-image-preview":"max-image-preview:large","max-video-preview":"max-video-preview:-1"},"canonical":"https:\/\/espaceval.ch\/de\/via-ferrata-tichodrome\/","og_locale":"de_DE","og_type":"article","og_title":"Via Ferrata Tichodrome-de | espaceVAL | Neuch\u00e2tel | Noiraigue","og_description":"Via ferrata am\u00e9nag\u00e9e et parfaitement s\u00e9curis\u00e9e. Vue et perspective fascinantes sur la large barre rocheuse surplombant le Val de Travers.","og_url":"https:\/\/espaceval.ch\/de\/via-ferrata-tichodrome\/","og_site_name":"espaceVAL","article_modified_time":"2024-06-13T13:07:48+00:00","twitter_card":"summary_large_image","twitter_misc":{"Gesch\u00e4tzte Lesezeit":"6\u00a0Minuten"},"schema":{"@context":"https:\/\/schema.org","@graph":[{"@type":"WebPage","@id":"https:\/\/espaceval.ch\/de\/via-ferrata-tichodrome\/","url":"https:\/\/espaceval.ch\/de\/via-ferrata-tichodrome\/","name":"Via Ferrata Tichodrome-de | espaceVAL | Neuch\u00e2tel | Noiraigue","isPartOf":{"@id":"https:\/\/espaceval.ch\/de\/#website"},"datePublished":"2022-06-30T09:13:38+00:00","dateModified":"2024-06-13T13:07:48+00:00","description":"Via ferrata am\u00e9nag\u00e9e et parfaitement s\u00e9curis\u00e9e. Vue et perspective fascinantes sur la large barre rocheuse surplombant le Val de Travers.","breadcrumb":{"@id":"https:\/\/espaceval.ch\/de\/via-ferrata-tichodrome\/#breadcrumb"},"inLanguage":"de","potentialAction":[{"@type":"ReadAction","target":["https:\/\/espaceval.ch\/de\/via-ferrata-tichodrome\/"]}]},{"@type":"BreadcrumbList","@id":"https:\/\/espaceval.ch\/de\/via-ferrata-tichodrome\/#breadcrumb","itemListElement":[{"@type":"ListItem","position":1,"name":"Accueil","item":"https:\/\/espaceval.ch\/de\/"},{"@type":"ListItem","position":2,"name":"Via Ferrata Tichodrome-de"}]},{"@type":"WebSite","@id":"https:\/\/espaceval.ch\/de\/#website","url":"https:\/\/espaceval.ch\/de\/","name":"espaceVAL","description":"Vitalit\u00e9 | Activit\u00e9 | Loisirs","potentialAction":[{"@type":"SearchAction","target":{"@type":"EntryPoint","urlTemplate":"https:\/\/espaceval.ch\/de\/?s={search_term_string}"},"query-input":{"@type":"PropertyValueSpecification","valueRequired":true,"valueName":"search_term_string"}}],"inLanguage":"de"}]}},"_links":{"self":[{"href":"https:\/\/espaceval.ch\/de\/wp-json\/wp\/v2\/pages\/9957","targetHints":{"allow":["GET"]}}],"collection":[{"href":"https:\/\/espaceval.ch\/de\/wp-json\/wp\/v2\/pages"}],"about":[{"href":"https:\/\/espaceval.ch\/de\/wp-json\/wp\/v2\/types\/page"}],"author":[{"embeddable":true,"href":"https:\/\/espaceval.ch\/de\/wp-json\/wp\/v2\/users\/3"}],"replies":[{"embeddable":true,"href":"https:\/\/espaceval.ch\/de\/wp-json\/wp\/v2\/comments?post=9957"}],"version-history":[{"count":4,"href":"https:\/\/espaceval.ch\/de\/wp-json\/wp\/v2\/pages\/9957\/revisions"}],"predecessor-version":[{"id":10622,"href":"https:\/\/espaceval.ch\/de\/wp-json\/wp\/v2\/pages\/9957\/revisions\/10622"}],"wp:attachment":[{"href":"https:\/\/espaceval.ch\/de\/wp-json\/wp\/v2\/media?parent=9957"}],"curies":[{"name":"wp","href":"https:\/\/api.w.org\/{rel}","templated":true}]}}